

{"id":3437,"date":"2018-03-09T00:00:00","date_gmt":"2018-03-08T23:00:00","guid":{"rendered":"http:\/\/www.bachipedia.org\/kantaten\/bwv-245-johannespassion\/"},"modified":"2026-04-09T15:16:32","modified_gmt":"2026-04-09T13:16:32","slug":"bwv-245-johannespassion","status":"publish","type":"kantate","link":"https:\/\/www.bachipedia.org\/es\/obra\/bwv-245-johannespassion\/","title":{"rendered":"Johannespassion"},"content":{"rendered":"<p>(Pasi\u00f3n seg\u00fan San Juan)<\/p>\n<p>El 14 de junio de 2022 pasar\u00e1 a los anales de la historia de nuestra Fundaci\u00f3n. El Coro y la Orquesta de la Fundaci\u00f3n J. S. Bach bajo la direcci\u00f3n de Rudolf Lutz interpretaron aquel d\u00eda la \u00abPasi\u00f3n seg\u00fan San Juan\u00bb en la Iglesia de Santo Tom\u00e1s dentro del Bachfest de Leipzig. \u00a1Menuda actuaci\u00f3n! El concierto fue retransmitido en directo por la Deutsche Welle. Nos complace ponerlo a su disposici\u00f3n aqu\u00ed en Bachipedia.<\/p>\n<p>Los int\u00e9rpretes (coro, orquesta y solistas) mencionados en esta p\u00e1gina son los participantes en nuestra primera grabaci\u00f3n de la Pasi\u00f3n de San Juan, <a href=\"https:\/\/bachstiftung.ch\/en\/product\/johannespassion-2\/\" target=\"_blank\" rel=\"noopener\">publicada en CD<\/a> y disponible en nuestra tienda online. Los int\u00e9rpretes del concierto de Leipzig son nombrados expresamente en el v\u00eddeo.<\/p>\n","protected":false},"featured_media":1492,"template":"","altus":[2864],"bwv":[3286],"referenten":[],"sopran":[2817],"tenor":[2910],"class_list":["post-3437","kantate","type-kantate","status-publish","has-post-thumbnail","hentry","altus-potter-alex-es","bass-helm-matthias-es","bwv-245-es","sonntag-29-viernes-santo-es","sopran-doyle-julia-es","tenor-johannsen-daniel-es"],"acf":[],"_links":{"self":[{"href":"https:\/\/www.bachipedia.org\/es\/wp-json\/wp\/v2\/kantate\/3437","targetHints":{"allow":["GET"]}}],"collection":[{"href":"https:\/\/www.bachipedia.org\/es\/wp-json\/wp\/v2\/kantate"}],"about":[{"href":"https:\/\/www.bachipedia.org\/es\/wp-json\/wp\/v2\/types\/kantate"}],"wp:featuredmedia":[{"embeddable":true,"href":"https:\/\/www.bachipedia.org\/es\/wp-json\/wp\/v2\/media\/1492"}],"wp:attachment":[{"href":"https:\/\/www.bachipedia.org\/es\/wp-json\/wp\/v2\/media?parent=3437"}],"wp:term":[{"taxonomy":"altus","embeddable":true,"href":"https:\/\/www.bachipedia.org\/es\/wp-json\/wp\/v2\/altus?post=3437"},{"taxonomy":"bwv","embeddable":true,"href":"https:\/\/www.bachipedia.org\/es\/wp-json\/wp\/v2\/bwv?post=3437"},{"taxonomy":"referenten","embeddable":true,"href":"https:\/\/www.bachipedia.org\/es\/wp-json\/wp\/v2\/referenten?post=3437"},{"taxonomy":"sopran","embeddable":true,"href":"https:\/\/www.bachipedia.org\/es\/wp-json\/wp\/v2\/sopran?post=3437"},{"taxonomy":"tenor","embeddable":true,"href":"https:\/\/www.bachipedia.org\/es\/wp-json\/wp\/v2\/tenor?post=3437"}],"curies":[{"name":"wp","href":"https:\/\/api.w.org\/{rel}","templated":true}]}}