

{"id":90184,"date":"2022-05-24T15:01:16","date_gmt":"2022-05-24T13:01:16","guid":{"rendered":"https:\/\/www.bachipedia.org\/?page_id=90184"},"modified":"2022-06-03T16:33:25","modified_gmt":"2022-06-03T14:33:25","slug":"bachathon-para-ucrania","status":"publish","type":"page","link":"https:\/\/www.bachipedia.org\/es\/bachathon-para-ucrania\/","title":{"rendered":"BACHathon para Ucrania"},"content":{"rendered":"<div id=\"pl-90184\"  class=\"panel-layout\" ><div id=\"pg-90184-0\"  class=\"panel-grid panel-has-style\" ><div class=\"siteorigin-panels-stretch panel-row-style panel-row-style-for-90184-0\" style=\"padding-top: 40px; padding-bottom: 50px; \" data-stretch-type=\"full\" ><div id=\"pgc-90184-0-0\"  class=\"panel-grid-cell\" ><div id=\"panel-90184-0-0-0\" class=\"so-panel widget widget_sow-icon panel-first-child\" data-index=\"0\" ><div\n\t\t\t\n\t\t\tclass=\"so-widget-sow-icon so-widget-sow-icon-default-92ff9e4d69fc-90184\"\n\t\t\t\n\t\t>\n<div class=\"sow-icon-container sow-icon\">\n\t\t\t<span class=\"sow-icon-ionicons\" data-sow-icon=\"&#xf35b;\"\n\t\t \n\t\taria-hidden=\"true\"><\/span>\t<\/div>\n<\/div><\/div><div id=\"panel-90184-0-0-1\" class=\"so-panel widget widget_sow-editor panel-last-child\" data-index=\"1\" ><div\n\t\t\t\n\t\t\tclass=\"so-widget-sow-editor so-widget-sow-editor-base\"\n\t\t\t\n\t\t>\n<div class=\"siteorigin-widget-tinymce textwidget\">\n\t<h5>BACHathon para Ucrania<\/h5>\n<p><span style=\"color: #8c8c8c;\">El s\u00e1bado 4 de junio, a las 20:00 horas, hasta el domingo 5 de junio, a las 8:00 horas, tendr\u00e1 lugar un marat\u00f3n de 12 horas de duraci\u00f3n con conciertos centrados en Bach. El \"BACHATHON FOR UKRAINE\", tendr\u00e1 lugar en la Sala Dorada de la Filarm\u00f3nica de Szczecin. Nos complace poder transmitirle este evento en directo de forma gratuita.<\/span><\/p>\n<\/div>\n<\/div><\/div><\/div><div id=\"pgc-90184-0-1\"  class=\"panel-grid-cell\" ><div id=\"panel-90184-0-1-0\" class=\"so-panel widget widget_sow-icon panel-first-child\" data-index=\"2\" ><div\n\t\t\t\n\t\t\tclass=\"so-widget-sow-icon so-widget-sow-icon-default-92ff9e4d69fc-90184\"\n\t\t\t\n\t\t>\n<div class=\"sow-icon-container sow-icon\">\n\t\t\t<span class=\"sow-icon-ionicons\" data-sow-icon=\"&#xf443;\"\n\t\t \n\t\taria-hidden=\"true\"><\/span>\t<\/div>\n<\/div><\/div><div id=\"panel-90184-0-1-1\" class=\"so-panel widget widget_sow-editor panel-last-child\" data-index=\"3\" ><div\n\t\t\t\n\t\t\tclass=\"so-widget-sow-editor so-widget-sow-editor-base\"\n\t\t\t\n\t\t>\n<div class=\"siteorigin-widget-tinymce textwidget\">\n\t<h5>Apoyo a las personas afectadas por la guerra<\/h5>\n<p><span style=\"color: #8c8c8c;\">El evento cuenta con el apoyo de instituciones asociadas en muchos pa\u00edses del mundo, tal y como es nuestro caso. Estas instituciones est\u00e1n uniendo fuerzas con otras organizaciones en sus pa\u00edses respectivos para ayudar a las personas afectadas por la guerra en Ucrania. La informaci\u00f3n sobre nuestra campa\u00f1a de recaudaci\u00f3n de fondos en Suiza se encuentra m\u00e1s abajo.<\/span><\/p>\n<\/div>\n<\/div><\/div><\/div><\/div><\/div><div id=\"pg-90184-1\"  class=\"panel-grid panel-has-style\" ><div style=\"padding-top: 60px; padding-bottom: 100px; \" class=\"panel-row-style panel-row-style-for-90184-1\" ><div id=\"pgc-90184-1-0\"  class=\"panel-grid-cell panel-grid-cell-empty\" ><\/div><div id=\"pgc-90184-1-1\"  class=\"panel-grid-cell panel-grid-cell-mobile-last\" ><div id=\"panel-90184-1-1-0\" class=\"so-panel widget widget_sow-headline panel-first-child\" data-index=\"4\" ><div class=\"panel-widget-style panel-widget-style-for-90184-1-1-0\" ><div\n\t\t\t\n\t\t\tclass=\"so-widget-sow-headline so-widget-sow-headline-default-09c41235af63-90184\"\n\t\t\t\n\t\t><div class=\"sow-headline-container \">\n\t<h2 class='sow-headline'>BACHathon para Ucrania<\/h2>\t\t\t\t\t<div class=\"decoration\">\n\t\t\t\t\t\t<div class=\"decoration-inside\"><\/div>\n\t\t\t\t\t<\/div>\n\t\t\t\t\t<p class='sow-sub-headline'>un marat\u00f3n de 12 horas con m\u00fasica de Bach<\/p><\/div>\n<\/div><\/div><\/div><div id=\"panel-90184-1-1-1\" class=\"so-panel widget widget_sow-editor\" data-index=\"5\" ><div class=\"panel-widget-style panel-widget-style-for-90184-1-1-1\" ><div\n\t\t\t\n\t\t\tclass=\"so-widget-sow-editor so-widget-sow-editor-base\"\n\t\t\t\n\t\t>\n<div class=\"siteorigin-widget-tinymce textwidget\">\n\t<p style=\"text-align: center;\">\n            <div \n                class=\"elfsight-widget-countdown-timer elfsight-widget\" \n                data-elfsight-countdown-timer-options=\"%7B%22type%22%3A%22scheduled%22%2C%22startTime%22%3A1587736800000%2C%22endTime%22%3A1655229600000%2C%22setTimeZone%22%3Afalse%2C%22timeZone%22%3A%22Etc%5C%2FGMT%2B0%22%2C%22startNumber%22%3A1%2C%22endNumber%22%3A100%2C%22numberFrequency%22%3A%22auto%22%2C%22numberFrequencyValue%22%3A10%2C%22timeValue%22%3A24%2C%22timeUnit%22%3A%22hours%22%2C%22remainingRestartEnabled%22%3Atrue%2C%22remainingRestartValue%22%3A1%2C%22remainingRestartUnit%22%3A%22days%22%2C%22position%22%3A%22custom%22%2C%22messageBeforeTimer%22%3A%22%3Cbr%3E%3Ch3%3ERetransmisi%5Cu00f3n%3A%2014%26nbsp%3Bde%20junio%20de%202022%20%2C%2020%3A00%20hrs%20%28CET%29%3Cbr%3E%3C%5C%2Fh3%3E%22%2C%22elements%22%3A%5B%22days%22%2C%22hours%22%2C%22minutes%22%2C%22seconds%22%5D%2C%22daysLabel%22%3A%22d%5Cu00edas%22%2C%22hoursLabel%22%3A%22horas%22%2C%22minutesLabel%22%3A%22minutos%22%2C%22secondsLabel%22%3A%22segundos%22%2C%22timerStopAction%22%3A%22hide%22%2C%22timerStopMessage%22%3A%22%22%2C%22timerStopCountersVisible%22%3Atrue%2C%22timerStopButtonVisible%22%3Atrue%2C%22timerStopButtonLink%22%3A%22%22%2C%22timerStopButtonText%22%3A%22%22%2C%22timerStopRedirect%22%3A%22%22%2C%22align%22%3A%22center%22%2C%22buttonVisible%22%3Afalse%2C%22buttonLink%22%3A%22https%3A%5C%2F%5C%2Felfsight.com%22%2C%22buttonText%22%3A%22Shop%20now%22%2C%22buttonLinkTargetBlank%22%3Atrue%2C%22areaClickable%22%3Atrue%2C%22style%22%3A%22clean%22%2C%22theme%22%3A%22default%22%2C%22timerColor%22%3A%22rgb%2895%2C%2033%2C%2020%29%22%2C%22labelsColor%22%3A%22rgb%280%2C%200%2C%200%29%22%2C%22messageColor%22%3A%22rgb%280%2C%200%2C%200%29%22%2C%22buttonColor%22%3A%22rgb%280%2C%200%2C%200%29%22%2C%22backgroundColor%22%3A%22rgb%28190%2C%20178%2C%20164%29%22%2C%22messageFontSize%22%3A16%2C%22timerSize%22%3A60%2C%22buttonSize%22%3A16%2C%22animation%22%3A%22slide%22%2C%22widgetId%22%3A%223%22%7D\" \n                data-elfsight-countdown-timer-version=\"1.4.0\"\n                data-elfsight-widget-id=\"elfsight-countdown-timer-3\">\n            <\/div>\n            <\/p>\n<\/div>\n<\/div><\/div><\/div><div id=\"panel-90184-1-1-2\" class=\"so-panel widget widget_sow-editor\" data-index=\"6\" ><div\n\t\t\t\n\t\t\tclass=\"so-widget-sow-editor so-widget-sow-editor-base\"\n\t\t\t\n\t\t>\n<div class=\"siteorigin-widget-tinymce textwidget\">\n\t<p> <div class=\"brlbs-cmpnt-container brlbs-cmpnt-content-blocker brlbs-cmpnt-with-individual-styles\" data-borlabs-cookie-content-blocker-id=\"youtube-content-blocker\" data-borlabs-cookie-content=\"PGlmcmFtZSBsb2FkaW5nPSJsYXp5IiB3aWR0aD0iNzAwIiBoZWlnaHQ9IjM5NSIgc3JjPSJodHRwczovL3d3dy55b3V0dWJlLW5vY29va2llLmNvbS9lbWJlZC84SFdYMklZeTB2dyIgdGl0bGU9IllvdVR1YmUgdmlkZW8gcGxheWVyIiBmcmFtZWJvcmRlcj0iMCIgYWxsb3c9ImFjY2VsZXJvbWV0ZXI7IGF1dG9wbGF5OyBjbGlwYm9hcmQtd3JpdGU7IGVuY3J5cHRlZC1tZWRpYTsgZ3lyb3Njb3BlOyBwaWN0dXJlLWluLXBpY3R1cmUiIGFsbG93ZnVsbHNjcmVlbj48L2lmcmFtZT4=\"><div class=\"brlbs-cmpnt-cb-preset-c brlbs-cmpnt-cb-youtube\"> <div class=\"brlbs-cmpnt-cb-thumbnail\" style=\"background-image: url('https:\/\/www.bachipedia.org\/wp-content\/uploads\/borlabs-cookie\/1\/yt_8HWX2IYy0vw_hqdefault.jpg')\"><\/div> <div class=\"brlbs-cmpnt-cb-main\"> <div class=\"brlbs-cmpnt-cb-play-button\"><\/div> <div class=\"brlbs-cmpnt-cb-content\"> <p class=\"brlbs-cmpnt-cb-description\">Est\u00e1s viendo un contenido de marcador de posici\u00f3n de <strong>YouTube<\/strong>. Para acceder al contenido real, haz clic en el siguiente bot\u00f3n. Ten en cuenta que al hacerlo compartir\u00e1s datos con terceros proveedores.<\/p> <a class=\"brlbs-cmpnt-cb-provider-toggle\" href=\"#\" data-borlabs-cookie-show-provider-information role=\"button\">M\u00e1s informaci\u00f3n<\/a> <\/div> <div class=\"brlbs-cmpnt-cb-buttons\"> <a class=\"brlbs-cmpnt-cb-btn\" href=\"#\" data-borlabs-cookie-unblock role=\"button\">Desbloquear contenido<\/a> <a class=\"brlbs-cmpnt-cb-btn\" href=\"#\" data-borlabs-cookie-accept-service role=\"button\" style=\"display: inherit\">Aceptar el servicio requerido y desbloquear los contenidos<\/a> <\/div> <\/div> <\/div><\/div><\/p>\n<\/div>\n<\/div><\/div><div id=\"panel-90184-1-1-3\" class=\"so-panel widget widget_sow-headline\" data-index=\"7\" ><div class=\"panel-widget-style panel-widget-style-for-90184-1-1-3\" ><div\n\t\t\t\n\t\t\tclass=\"so-widget-sow-headline so-widget-sow-headline-default-09c41235af63-90184\"\n\t\t\t\n\t\t><div class=\"sow-headline-container \">\n\t<h2 class='sow-headline'>Recaudaci\u00f3n de fondos para la Cruz Roja de Ucrania<\/h2>\t\t\t\t\t<div class=\"decoration\">\n\t\t\t\t\t\t<div class=\"decoration-inside\"><\/div>\n\t\t\t\t\t<\/div>\n\t\t\t\t\t<p class='sow-sub-headline'>Desde el comienzo de la guerra, la Cruz Roja Ucraniana ha enviado m\u00e1s de 5418 toneladas de ayuda humanitaria a las regiones de Ucrania.<\/p><\/div>\n<\/div><\/div><\/div><div id=\"panel-90184-1-1-4\" class=\"so-panel widget widget_sow-headline\" data-index=\"8\" ><div\n\t\t\t\n\t\t\tclass=\"so-widget-sow-headline so-widget-sow-headline-default-c1725e541b5c-90184\"\n\t\t\t\n\t\t><div class=\"sow-headline-container \">\n\t<h2 class='sow-headline'>Llamamiento urgente por Ucrania<\/h2>\t\t\t\t\t<div class=\"decoration\">\n\t\t\t\t\t\t<div class=\"decoration-inside\"><\/div>\n\t\t\t\t\t<\/div>\n\t\t\t\t\t<\/div>\n<\/div><\/div><div id=\"panel-90184-1-1-5\" class=\"so-panel widget widget_sow-editor\" data-index=\"9\" ><div\n\t\t\t\n\t\t\tclass=\"so-widget-sow-editor so-widget-sow-editor-base\"\n\t\t\t\n\t\t>\n<div class=\"siteorigin-widget-tinymce textwidget\">\n\t<p style=\"text-align: center;\">D\u00eda por d\u00eda, el personal y los voluntarios de los centros log\u00edsticos de la Cruz Roja reciben, clasifican, ensamblan y env\u00edan cientos de toneladas de alimentos, art\u00edculos de higiene, medicamentos, agua, ropa de cama y otros art\u00edculos de primera necesidad a las regiones de Ucrania. Por favor, done ahora para que esta ayuda vital le llegue al pueblo ucraniano en esta fase tan dif\u00edcil.<\/p>\n<\/div>\n<\/div><\/div><div id=\"panel-90184-1-1-6\" class=\"so-panel widget widget_sow-button panel-last-child\" data-index=\"10\" ><div\n\t\t\t\n\t\t\tclass=\"so-widget-sow-button so-widget-sow-button-flat-9a683805b3ce-90184\"\n\t\t\t\n\t\t><div class=\"ow-button-base ow-button-align-center\">\n\t<a href=\"https:\/\/donate.redcrossredcrescent.org\/ua\/donate\/~my-donation?_cv=1\" class=\"ow-icon-placement-left ow-button-hover\" target=\"_blank\" rel=\"noopener noreferrer\">\n\t\t<span>\n\t\t\t\n\t\t\t\u00a1Donar ahora!\t\t<\/span>\n\t<\/a>\n<\/div>\n<\/div><\/div><\/div><div id=\"pgc-90184-1-2\"  class=\"panel-grid-cell panel-grid-cell-empty\" ><\/div><\/div><\/div><div id=\"pg-90184-2\"  class=\"panel-grid panel-has-style\" ><div class=\"siteorigin-panels-stretch panel-row-style panel-row-style-for-90184-2\" style=\"padding-top: 60px; padding-bottom: 80px; \" data-stretch-type=\"full\" ><div id=\"pgc-90184-2-0\"  class=\"panel-grid-cell\" ><div id=\"panel-90184-2-0-0\" class=\"so-panel widget widget_sow-headline panel-first-child\" data-index=\"11\" ><div class=\"panel-widget-style panel-widget-style-for-90184-2-0-0\" ><div\n\t\t\t\n\t\t\tclass=\"so-widget-sow-headline so-widget-sow-headline-default-cb714d14d52e-90184\"\n\t\t\t\n\t\t><div class=\"sow-headline-container \">\n\t<h2 class='sow-headline'>BACHathon el s\u00e1bado 4 de junio de 2022, a las 20:00 horas, hasta el domingo 5 de junio de 2022, a las 08:00 horas.<\/h2>\t\t\t\t\t<div class=\"decoration\">\n\t\t\t\t\t\t<div class=\"decoration-inside\"><\/div>\n\t\t\t\t\t<\/div>\n\t\t\t\t\t<p class='sow-sub-headline'>Interpretaci\u00f3n de los libros 1 y 2 del \"Clave bien temperado\" de Bach<\/p><\/div>\n<\/div><\/div><\/div><div id=\"panel-90184-2-0-1\" class=\"so-panel widget widget_sow-headline\" data-index=\"12\" ><div\n\t\t\t\n\t\t\tclass=\"so-widget-sow-headline so-widget-sow-headline-default-7314ed246979-90184\"\n\t\t\t\n\t\t><div class=\"sow-headline-container \">\n\t\t\t\t\t\t<div class=\"decoration\">\n\t\t\t\t\t\t<div class=\"decoration-inside\"><\/div>\n\t\t\t\t\t<\/div>\n\t\t\t\t\t<\/div>\n<\/div><\/div><div id=\"panel-90184-2-0-2\" class=\"so-panel widget widget_sow-headline\" data-index=\"13\" ><div class=\"panel-widget-style panel-widget-style-for-90184-2-0-2\" ><div\n\t\t\t\n\t\t\tclass=\"so-widget-sow-headline so-widget-sow-headline-default-ca57326dd51b-90184\"\n\t\t\t\n\t\t><div class=\"sow-headline-container \">\n\t<h2 class='sow-headline'>Programa<\/h2>\t\t\t\t\t<div class=\"decoration\">\n\t\t\t\t\t\t<div class=\"decoration-inside\"><\/div>\n\t\t\t\t\t<\/div>\n\t\t\t\t\t<\/div>\n<\/div><\/div><\/div><div id=\"panel-90184-2-0-3\" class=\"so-panel widget widget_sow-headline\" data-index=\"14\" ><div\n\t\t\t\n\t\t\tclass=\"so-widget-sow-headline so-widget-sow-headline-default-7314ed246979-90184\"\n\t\t\t\n\t\t><div class=\"sow-headline-container \">\n\t<p class='sow-headline'>El pianista Aaron Pilsan interpreta los libros 1 y 2 del \"Clave bien temperado\" de J. S. Bach.<\/p><p class='sow-sub-headline'>La pieza central del marat\u00f3n ser\u00e1 una extraordinaria interpretaci\u00f3n de los libros 1 y 2 del \"Clave bien temperado\" de Bach, tocados consecutivamente y con una duraci\u00f3n de m\u00e1s de 4 horas y 30 minutos, a cargo de un solo artista, el aclamado pianista austriaco Aaron Pilsan.<\/p>\t\t\t\t\t<div class=\"decoration\">\n\t\t\t\t\t\t<div class=\"decoration-inside\"><\/div>\n\t\t\t\t\t<\/div>\n\t\t\t\t\t<\/div>\n<\/div><\/div><div id=\"panel-90184-2-0-4\" class=\"so-panel widget widget_sow-headline\" data-index=\"15\" ><div\n\t\t\t\n\t\t\tclass=\"so-widget-sow-headline so-widget-sow-headline-default-7314ed246979-90184\"\n\t\t\t\n\t\t><div class=\"sow-headline-container \">\n\t<p class='sow-headline'>Presentaci\u00f3n de Alexei Grynyuk<\/p><p class='sow-sub-headline'>Los organizadores est\u00e1n orgullosos de poder presentar al pianista ucraniano m\u00e1s reputado de la actualidad, Alexei Grynyuk, que abrir\u00e1 el acto con dos obras de Bach. El evento incluir\u00e1 varias sorpresas musicales, v\u00eddeos y entrevistas con los artistas y otras personas.<\/p>\t\t\t\t\t<div class=\"decoration\">\n\t\t\t\t\t\t<div class=\"decoration-inside\"><\/div>\n\t\t\t\t\t<\/div>\n\t\t\t\t\t<\/div>\n<\/div><\/div><div id=\"panel-90184-2-0-5\" class=\"so-panel widget widget_sow-headline\" data-index=\"16\" ><div class=\"panel-widget-style panel-widget-style-for-90184-2-0-5\" ><div\n\t\t\t\n\t\t\tclass=\"so-widget-sow-headline so-widget-sow-headline-default-ca57326dd51b-90184\"\n\t\t\t\n\t\t><div class=\"sow-headline-container \">\n\t<h2 class='sow-headline'>Ubicaci\u00f3n<\/h2>\t\t\t\t\t<div class=\"decoration\">\n\t\t\t\t\t\t<div class=\"decoration-inside\"><\/div>\n\t\t\t\t\t<\/div>\n\t\t\t\t\t<\/div>\n<\/div><\/div><\/div><div id=\"panel-90184-2-0-6\" class=\"so-panel widget widget_sow-headline panel-last-child\" data-index=\"17\" ><div\n\t\t\t\n\t\t\tclass=\"so-widget-sow-headline so-widget-sow-headline-default-7314ed246979-90184\"\n\t\t\t\n\t\t><div class=\"sow-headline-container \">\n\t<p class='sow-headline'>Lugar de actuaci\u00f3n<\/p><p class='sow-sub-headline'>Sal\u00f3n Dorado de la Filarm\u00f3nica de Szczecin<\/p>\t\t\t\t\t<div class=\"decoration\">\n\t\t\t\t\t\t<div class=\"decoration-inside\"><\/div>\n\t\t\t\t\t<\/div>\n\t\t\t\t\t<\/div>\n<\/div><\/div><\/div><div id=\"pgc-90184-2-1\"  class=\"panel-grid-cell\" ><div id=\"panel-90184-2-1-0\" class=\"so-panel widget widget_sow-headline panel-first-child\" data-index=\"18\" ><div\n\t\t\t\n\t\t\tclass=\"so-widget-sow-headline so-widget-sow-headline-default-08b84efee77e-90184\"\n\t\t\t\n\t\t><div class=\"sow-headline-container \">\n\t<h2 class='sow-headline'>Aaron Pilsan<\/h2>\t\t\t\t\t<div class=\"decoration\">\n\t\t\t\t\t\t<div class=\"decoration-inside\"><\/div>\n\t\t\t\t\t<\/div>\n\t\t\t\t\t<\/div>\n<\/div><\/div><div id=\"panel-90184-2-1-1\" class=\"so-panel widget widget_sow-editor\" data-index=\"19\" ><div\n\t\t\t\n\t\t\tclass=\"so-widget-sow-editor so-widget-sow-editor-base\"\n\t\t\t\n\t\t>\n<div class=\"siteorigin-widget-tinymce textwidget\">\n\t<p>El pianista austriaco Aaron Pilsan ya se ha hecho un nombre en la escena musical internacional a sus 27 a\u00f1os. Ha recibido numerosos premios y ha actuado en algunas de las salas de concierto m\u00e1s prestigiosas del mundo, como el Carnegie Hall de Nueva York, el Wigmore Hall de Londres y el Konzerthaus de Viena. Recientemente ha recibido muchos elogios por su grabaci\u00f3n del Libro 1 del Clave bien temperado de Bach, que fue elegida por la revista Gramophone como una de las mejores grabaciones de 2021. Ha interpretado el Clave bien temperado en salas de concierto tan prestigiosas como la Konzerthaus de Viena y en el Festival Bach de Montreal (Canad\u00e1).<\/p>\n<p>Aaron Pilsan es un firme creyente en el poder de la m\u00fasica para cambiar nuestras vidas y nuestro mundo. Por medio de este BACHathon quiere contribuir a poner su talento al servicio de personas que necesitan ayuda en este momento. En este contexto, dijo: \"Ning\u00fan otro compositor que Bach es m\u00e1s adecuado para esta tarea, y ninguna pieza musical encaja mejor en este marat\u00f3n que el Clave bien temperado, porque representa la paz y la armon\u00eda dentro de una estructura l\u00f3gica, y el hecho de que utilice todas las claves es como un mosaico de los diferentes pueblos y culturas que componen nuestro mundo, pero aqu\u00ed todos trabajan juntos, con una clave que fluye sin problemas en la siguiente, todo en perfecto equilibrio\". Justo lo que nuestro mundo necesita hoy.<\/p>\n<p>M\u00e1s informaci\u00f3n: <a href=\"https:\/\/www.aaronpilsan.com\" target=\"_blank\" rel=\"noopener\">aaronpilsan.com<\/a><\/p>\n<\/div>\n<\/div><\/div><div id=\"panel-90184-2-1-2\" class=\"so-panel widget widget_sow-headline\" data-index=\"20\" ><div\n\t\t\t\n\t\t\tclass=\"so-widget-sow-headline so-widget-sow-headline-default-08b84efee77e-90184\"\n\t\t\t\n\t\t><div class=\"sow-headline-container \">\n\t<h2 class='sow-headline'>Alexej Grynyuk<\/h2>\t\t\t\t\t<div class=\"decoration\">\n\t\t\t\t\t\t<div class=\"decoration-inside\"><\/div>\n\t\t\t\t\t<\/div>\n\t\t\t\t\t<\/div>\n<\/div><\/div><div id=\"panel-90184-2-1-3\" class=\"so-panel widget widget_sow-editor\" data-index=\"21\" ><div\n\t\t\t\n\t\t\tclass=\"so-widget-sow-editor so-widget-sow-editor-base\"\n\t\t\t\n\t\t>\n<div class=\"siteorigin-widget-tinymce textwidget\">\n\t<p>El pianista ucraniano Alexei Grynyuk act\u00faa en todo el mundo en las salas de concierto m\u00e1s prestigiosas y en los festivales de m\u00fasica m\u00e1s importantes. Su desarrollo musical se vio marcado por sus estudios en el Conservatorio de Kiev con Natalia Gridneva y Valery Kozlov. Ampli\u00f3 sus estudios con Hamish Milne en la Royal Academy of Music de Londres. M\u00e1s tarde fue nombrado asociado de la Royal Academy of Music (ARAM) y fue miembro del jurado del Concurso Internacional de Viol\u00edn Benjamin Britten de Londres y del renombrado Concurso Internacional de Piano \"Premio Vendome\". Apasionado de la m\u00fasica de c\u00e1mara, Alexei Grynyuk forma parte de un tr\u00edo de piano con sus compa\u00f1eros habituales, la violinista Nicola Benedetti y el violonchelista Leonard Elschenbroich, descrito por The Telegraph como \"un tr\u00edo de verdaderas estrellas\".<\/p>\n<p>M\u00e1s informaci\u00f3n: <a href=\"https:\/\/grynyuk.com\/\" target=\"_blank\" rel=\"noopener\">grynyuk.com<\/a><\/p>\n<\/div>\n<\/div><\/div><div id=\"panel-90184-2-1-4\" class=\"so-panel widget widget_sow-headline\" data-index=\"22\" ><div\n\t\t\t\n\t\t\tclass=\"so-widget-sow-headline so-widget-sow-headline-default-08b84efee77e-90184\"\n\t\t\t\n\t\t><div class=\"sow-headline-container \">\n\t<h2 class='sow-headline'>La Sala Filarm\u00f3nica de Szczecin<\/h2>\t\t\t\t\t<div class=\"decoration\">\n\t\t\t\t\t\t<div class=\"decoration-inside\"><\/div>\n\t\t\t\t\t<\/div>\n\t\t\t\t\t<\/div>\n<\/div><\/div><div id=\"panel-90184-2-1-5\" class=\"so-panel widget widget_sow-editor panel-last-child\" data-index=\"23\" ><div\n\t\t\t\n\t\t\tclass=\"so-widget-sow-editor so-widget-sow-editor-base\"\n\t\t\t\n\t\t>\n<div class=\"siteorigin-widget-tinymce textwidget\">\n\t<p>Conocida oficialmente como Sala Filarm\u00f3nica Mieczys\u0142aw Kar\u0142owicz, es una de las m\u00e1s notables de Europa y una atracci\u00f3n arquitect\u00f3nica por derecho propio. En 2015, recibi\u00f3 el Premio Europeo de Arquitectura Contempor\u00e1nea a la mejor obra arquitect\u00f3nica realizada en Europa el a\u00f1o anterior. La sala ha tenido un gran impacto en la vida cultural de Szczecin, la s\u00e9ptima ciudad m\u00e1s grande de Polonia, y ahora atrae adem\u00e1s a p\u00fablico de Alemania debido a su proximidad a Berl\u00edn.<\/p>\n<p>Visita virtual a la Filarm\u00f3nica de Szczecin: <a href=\"https:\/\/spacer.filharmonia.szczecin.pl\/\" target=\"_blank\" rel=\"noopener\">spacer.filharmonia.szczecin.pl<\/a><\/p>\n<\/div>\n<\/div><\/div><\/div><div id=\"pgc-90184-2-2\"  class=\"panel-grid-cell\" ><div id=\"panel-90184-2-2-0\" class=\"so-panel widget widget_sow-image panel-first-child\" data-index=\"24\" ><div\n\t\t\t\n\t\t\tclass=\"so-widget-sow-image so-widget-sow-image-default-8b5b6f678277-90184\"\n\t\t\t\n\t\t>\n\n<div class=\"sow-image-container\">\n\t\t<img decoding=\"async\" src=\"https:\/\/www.bachipedia.org\/wp-content\/uploads\/2022\/05\/Aaron-Pilsan.jpg\" width=\"2560\" height=\"1707\" sizes=\"auto, (max-width: 2560px) 100vw, 2560px\" title=\"Aaron Pilsan\" alt=\"\" loading=\"lazy\" \t\tclass=\"so-widget-image\"\/>\n\t<\/div>\n\n<\/div><\/div><div id=\"panel-90184-2-2-1\" class=\"so-panel widget widget_sow-image\" data-index=\"25\" ><div\n\t\t\t\n\t\t\tclass=\"so-widget-sow-image so-widget-sow-image-default-8b5b6f678277-90184\"\n\t\t\t\n\t\t>\n\n<div class=\"sow-image-container\">\n\t\t<img decoding=\"async\" src=\"https:\/\/www.bachipedia.org\/wp-content\/uploads\/2022\/05\/Alexei-Grynyuk.jpg\" width=\"874\" height=\"874\" srcset=\"https:\/\/www.bachipedia.org\/wp-content\/uploads\/2022\/05\/Alexei-Grynyuk.jpg 874w, https:\/\/www.bachipedia.org\/wp-content\/uploads\/2022\/05\/Alexei-Grynyuk-200x200.jpg 200w, https:\/\/www.bachipedia.org\/wp-content\/uploads\/2022\/05\/Alexei-Grynyuk-150x150.jpg 150w, https:\/\/www.bachipedia.org\/wp-content\/uploads\/2022\/05\/Alexei-Grynyuk-768x768.jpg 768w, https:\/\/www.bachipedia.org\/wp-content\/uploads\/2022\/05\/Alexei-Grynyuk-700x700.jpg 700w, https:\/\/www.bachipedia.org\/wp-content\/uploads\/2022\/05\/Alexei-Grynyuk-300x300.jpg 300w, https:\/\/www.bachipedia.org\/wp-content\/uploads\/2022\/05\/Alexei-Grynyuk-600x600.jpg 600w, https:\/\/www.bachipedia.org\/wp-content\/uploads\/2022\/05\/Alexei-Grynyuk-100x100.jpg 100w\" sizes=\"auto, (max-width: 874px) 100vw, 874px\" title=\"Alexei Grynyuk\" alt=\"\" loading=\"lazy\" \t\tclass=\"so-widget-image\"\/>\n\t<\/div>\n\n<\/div><\/div><div id=\"panel-90184-2-2-2\" class=\"so-panel widget widget_sow-image\" data-index=\"26\" ><div\n\t\t\t\n\t\t\tclass=\"so-widget-sow-image so-widget-sow-image-default-8b5b6f678277-90184\"\n\t\t\t\n\t\t>\n\n<div class=\"sow-image-container\">\n\t\t<img decoding=\"async\" src=\"https:\/\/www.bachipedia.org\/wp-content\/uploads\/2022\/05\/Konzertsaal.jpg\" width=\"874\" height=\"874\" srcset=\"https:\/\/www.bachipedia.org\/wp-content\/uploads\/2022\/05\/Konzertsaal.jpg 874w, https:\/\/www.bachipedia.org\/wp-content\/uploads\/2022\/05\/Konzertsaal-200x200.jpg 200w, https:\/\/www.bachipedia.org\/wp-content\/uploads\/2022\/05\/Konzertsaal-150x150.jpg 150w, https:\/\/www.bachipedia.org\/wp-content\/uploads\/2022\/05\/Konzertsaal-768x768.jpg 768w, https:\/\/www.bachipedia.org\/wp-content\/uploads\/2022\/05\/Konzertsaal-700x700.jpg 700w, https:\/\/www.bachipedia.org\/wp-content\/uploads\/2022\/05\/Konzertsaal-300x300.jpg 300w, https:\/\/www.bachipedia.org\/wp-content\/uploads\/2022\/05\/Konzertsaal-600x600.jpg 600w, https:\/\/www.bachipedia.org\/wp-content\/uploads\/2022\/05\/Konzertsaal-100x100.jpg 100w\" sizes=\"auto, (max-width: 874px) 100vw, 874px\" alt=\"\" loading=\"lazy\" \t\tclass=\"so-widget-image\"\/>\n\t<\/div>\n\n<\/div><\/div><div id=\"panel-90184-2-2-3\" class=\"so-panel widget widget_sow-image\" data-index=\"27\" ><div\n\t\t\t\n\t\t\tclass=\"so-widget-sow-image so-widget-sow-image-default-8b5b6f678277-90184\"\n\t\t\t\n\t\t>\n\n<div class=\"sow-image-container\">\n\t\t<img decoding=\"async\" src=\"https:\/\/www.bachipedia.org\/wp-content\/uploads\/2022\/05\/Bachathon.jpg\" width=\"874\" height=\"874\" srcset=\"https:\/\/www.bachipedia.org\/wp-content\/uploads\/2022\/05\/Bachathon.jpg 874w, https:\/\/www.bachipedia.org\/wp-content\/uploads\/2022\/05\/Bachathon-200x200.jpg 200w, https:\/\/www.bachipedia.org\/wp-content\/uploads\/2022\/05\/Bachathon-150x150.jpg 150w, https:\/\/www.bachipedia.org\/wp-content\/uploads\/2022\/05\/Bachathon-768x768.jpg 768w, https:\/\/www.bachipedia.org\/wp-content\/uploads\/2022\/05\/Bachathon-700x700.jpg 700w, https:\/\/www.bachipedia.org\/wp-content\/uploads\/2022\/05\/Bachathon-300x300.jpg 300w, https:\/\/www.bachipedia.org\/wp-content\/uploads\/2022\/05\/Bachathon-600x600.jpg 600w, https:\/\/www.bachipedia.org\/wp-content\/uploads\/2022\/05\/Bachathon-100x100.jpg 100w\" sizes=\"auto, (max-width: 874px) 100vw, 874px\" alt=\"\" loading=\"lazy\" \t\tclass=\"so-widget-image\"\/>\n\t<\/div>\n\n<\/div><\/div><div id=\"panel-90184-2-2-4\" class=\"so-panel widget widget_siteorigin-panels-builder\" data-index=\"28\" ><div class=\"panel-widget-style panel-widget-style-for-90184-2-2-4\" ><div id=\"pl-w6295daa31dab0\"  class=\"panel-layout\" ><div id=\"pg-w6295daa31dab0-0\"  class=\"panel-grid panel-has-style\" ><div style=\"padding-top: 60px; padding-bottom: 70px; padding-left: 40px; padding-right: 40px; \" class=\"panel-row-style panel-row-style-for-w6295daa31dab0-0\" ><div id=\"pgc-w6295daa31dab0-0-0\"  class=\"panel-grid-cell\" ><div id=\"panel-w6295daa31dab0-0-0-0\" class=\"so-panel widget widget_sow-headline panel-first-child\" data-index=\"0\" ><div\n\t\t\t\n\t\t\tclass=\"so-widget-sow-headline so-widget-sow-headline-default-0cba77bb12d2\"\n\t\t\t\n\t\t><div class=\"sow-headline-container \">\n\t<h3 class='sow-headline'>Weitere Livestream-Events<\/h3>\t\t\t\t\t<div class=\"decoration\">\n\t\t\t\t\t\t<div class=\"decoration-inside\"><\/div>\n\t\t\t\t\t<\/div>\n\t\t\t\t\t<\/div>\n<\/div><\/div><div id=\"panel-w6295daa31dab0-0-0-1\" class=\"so-panel widget widget_sow-editor panel-last-child\" data-index=\"1\" ><div\n\t\t\t\n\t\t\tclass=\"so-widget-sow-editor so-widget-sow-editor-base\"\n\t\t\t\n\t\t>\n<div class=\"siteorigin-widget-tinymce textwidget\">\n\t<ul>\n<span style=\"color: #ffffff;\"><\/p>\n<li>23. August 2020, 09:45 - <em>Gottesdienst aus der Kirche Teufen AR mit Vokalquartett<\/em><\/li>\n<li>18. September 2020, 18:45 - <em>\u00abDuell\u00bb: Angela Hewitt und Ruedi Lutz am Fl\u00fcgel<\/em><\/li>\n<li>23. Oktober 2020, 18:45<\/li>\n<li>20. November 2020, 18:45<\/li>\n<li>18. Dezember 2020, 18:45<\/li>\n<p><\/span>\n<\/ul>\n<\/div>\n<\/div><\/div><\/div><\/div><\/div><\/div><\/div><\/div><div id=\"panel-90184-2-2-5\" class=\"so-panel widget widget_siteorigin-panels-builder panel-last-child\" data-index=\"29\" ><div class=\"panel-widget-style panel-widget-style-for-90184-2-2-5\" ><div id=\"pl-w6295daa31ddf6\"  class=\"panel-layout\" ><div id=\"pg-w6295daa31ddf6-0\"  class=\"panel-grid panel-has-style\" ><div style=\"padding-top: 60px; padding-bottom: 70px; padding-left: 40px; padding-right: 40px; \" class=\"panel-row-style panel-row-style-for-w6295daa31ddf6-0\" ><div id=\"pgc-w6295daa31ddf6-0-0\"  class=\"panel-grid-cell\" ><div id=\"panel-w6295daa31ddf6-0-0-0\" class=\"so-panel widget widget_sow-headline panel-first-child\" data-index=\"0\" ><div\n\t\t\t\n\t\t\tclass=\"so-widget-sow-headline so-widget-sow-headline-default-0cba77bb12d2\"\n\t\t\t\n\t\t><div class=\"sow-headline-container \">\n\t<h3 class='sow-headline'>Kantatenauff\u00fchrungen<\/h3>\t\t\t\t\t<div class=\"decoration\">\n\t\t\t\t\t\t<div class=\"decoration-inside\"><\/div>\n\t\t\t\t\t<\/div>\n\t\t\t\t\t<\/div>\n<\/div><\/div><div id=\"panel-w6295daa31ddf6-0-0-1\" class=\"so-panel widget widget_sow-editor panel-last-child\" data-index=\"1\" ><div\n\t\t\t\n\t\t\tclass=\"so-widget-sow-editor so-widget-sow-editor-base\"\n\t\t\t\n\t\t>\n<div class=\"siteorigin-widget-tinymce textwidget\">\n\t<p><span style=\"color: #ffffff;\">Die Kantatenauff\u00fchrungen samt Ton- und Bildaufzeichnung verschieben wir auf die Zeit nach Corona. Sie wird kommen; aber mittlerweile wissen wir, dass nicht alles in unseren H\u00e4nden liegt.<\/span><\/p>\n<\/div>\n<\/div><\/div><\/div><\/div><\/div><\/div><\/div><\/div><\/div><\/div><\/div><div id=\"pg-90184-3\"  class=\"panel-grid panel-has-style\" ><div style=\"padding-top: 60px; padding-bottom: 0px; \" class=\"panel-row-style panel-row-style-for-90184-3\" ><div id=\"pgc-90184-3-0\"  class=\"panel-grid-cell panel-grid-cell-empty\" ><\/div><div id=\"pgc-90184-3-1\"  class=\"panel-grid-cell panel-grid-cell-mobile-last\" ><div id=\"panel-90184-3-1-0\" class=\"so-panel widget widget_sow-headline panel-first-child panel-last-child\" data-index=\"30\" ><div class=\"panel-widget-style panel-widget-style-for-90184-3-1-0\" ><div\n\t\t\t\n\t\t\tclass=\"so-widget-sow-headline so-widget-sow-headline-default-09c41235af63-90184\"\n\t\t\t\n\t\t><div class=\"sow-headline-container \">\n\t<h2 class='sow-headline'>Archivo de retransmisiones en streaming<\/h2>\t\t\t\t\t<div class=\"decoration\">\n\t\t\t\t\t\t<div class=\"decoration-inside\"><\/div>\n\t\t\t\t\t<\/div>\n\t\t\t\t\t<p class='sow-sub-headline'>\u00bfSe ha perdido una retransmisi\u00f3n en vivo o le gustar\u00eda verla y escucharla de nuevo?<\/p><\/div>\n<\/div><\/div><\/div><\/div><div id=\"pgc-90184-3-2\"  class=\"panel-grid-cell panel-grid-cell-empty\" ><\/div><\/div><\/div><div id=\"pg-90184-4\"  class=\"panel-grid panel-has-style\" ><div data-row-id=\"tester\" class=\"panel-row-style panel-row-style-for-90184-4\" ><div id=\"pgc-90184-4-0\"  class=\"panel-grid-cell\" ><div id=\"panel-90184-4-0-0\" class=\"so-panel widget widget_siteorigin-panels-postloop panel-first-child panel-last-child\" data-index=\"31\" ><div id=\"livestream-loop\" class=\"panel-widget-style panel-widget-style-for-90184-4-0-0\" ><div id=\"post-90602\" class=\"post-90602 live_stream type-live_stream status-publish format-standard has-post-thumbnail hentry bach_universe_cat-retransmisiones-pasadas\">\n\n    <header class=\"entry-header\">\n                    <div class=\"featured-image\">\n                <a href=\"https:\/\/www.bachipedia.org\/es\/live_stream\/weltklasse-auf-srf-2-kultur\/\" rel=\"bookmark\" target=\"_blank\"><img loading=\"lazy\" decoding=\"async\" width=\"640\" height=\"640\" src=\"https:\/\/www.bachipedia.org\/wp-content\/uploads\/2022\/07\/Weltklasse-Bach.jpg\" class=\"post-thumb wp-post-image\" alt=\"M\u00fasica de calidad mundial en SRF 2 Kultur\" title=\"M\u00fasica de calidad mundial en SRF 2 Kultur\" srcset=\"https:\/\/www.bachipedia.org\/wp-content\/uploads\/2022\/07\/Weltklasse-Bach.jpg 640w, https:\/\/www.bachipedia.org\/wp-content\/uploads\/2022\/07\/Weltklasse-Bach-200x200.jpg 200w, https:\/\/www.bachipedia.org\/wp-content\/uploads\/2022\/07\/Weltklasse-Bach-150x150.jpg 150w, https:\/\/www.bachipedia.org\/wp-content\/uploads\/2022\/07\/Weltklasse-Bach-300x300.jpg 300w, https:\/\/www.bachipedia.org\/wp-content\/uploads\/2022\/07\/Weltklasse-Bach-600x600.jpg 600w, https:\/\/www.bachipedia.org\/wp-content\/uploads\/2022\/07\/Weltklasse-Bach-100x100.jpg 100w\" sizes=\"auto, (max-width: 640px) 100vw, 640px\" \/><\/a>\n            <\/div>\n            <\/header><!-- .entry-header -->\n    <div class=\"livestream_content\">\n        <div class=\"meta\">\n            <p>07.07.2022<\/p>\n        <\/div>\n        <div class=\"title\">\n            <h3 class=\"entry-title\"><a href=\"https:\/\/www.bachipedia.org\/es\/live_stream\/weltklasse-auf-srf-2-kultur\/\" rel=\"bookmark\">M\u00fasica de calidad mundial en SRF 2 Kultur<\/a><\/h3>        <\/div>\n        <div class=\"entry-summary excerpt\">\n            <p>Jueves, 25 de agosto de 2022, veinte horas<\/p>\n        <\/div><!-- .entry-summary -->\n    <\/div>\n<\/div><!-- #post-90602 -->\n<div id=\"post-90434\" class=\"post-90434 live_stream type-live_stream status-publish format-standard has-post-thumbnail hentry bach_universe_cat-retransmisiones-pasadas\">\n\n    <header class=\"entry-header\">\n                    <div class=\"featured-image\">\n                <a href=\"https:\/\/www.bachipedia.org\/werke\/bwv-245-johannespassion\/\" rel=\"bookmark\" target=\"_blank\"><img loading=\"lazy\" decoding=\"async\" width=\"800\" height=\"800\" src=\"https:\/\/www.bachipedia.org\/wp-content\/uploads\/2018\/11\/BWV-245_Johannespassion.jpg\" class=\"post-thumb wp-post-image\" alt=\"Pasi\u00f3n seg\u00fan San Juan Bachfest Leipzig\" title=\"Pasi\u00f3n seg\u00fan San Juan Bachfest Leipzig\" srcset=\"https:\/\/www.bachipedia.org\/wp-content\/uploads\/2018\/11\/BWV-245_Johannespassion.jpg 800w, https:\/\/www.bachipedia.org\/wp-content\/uploads\/2018\/11\/BWV-245_Johannespassion-300x300.jpg 300w, https:\/\/www.bachipedia.org\/wp-content\/uploads\/2018\/11\/BWV-245_Johannespassion-100x100.jpg 100w, https:\/\/www.bachipedia.org\/wp-content\/uploads\/2018\/11\/BWV-245_Johannespassion-600x600.jpg 600w, https:\/\/www.bachipedia.org\/wp-content\/uploads\/2018\/11\/BWV-245_Johannespassion-150x150.jpg 150w, https:\/\/www.bachipedia.org\/wp-content\/uploads\/2018\/11\/BWV-245_Johannespassion-200x200.jpg 200w, https:\/\/www.bachipedia.org\/wp-content\/uploads\/2018\/11\/BWV-245_Johannespassion-768x768.jpg 768w, https:\/\/www.bachipedia.org\/wp-content\/uploads\/2018\/11\/BWV-245_Johannespassion-700x700.jpg 700w\" sizes=\"auto, (max-width: 800px) 100vw, 800px\" \/><\/a>\n            <\/div>\n            <\/header><!-- .entry-header -->\n    <div class=\"livestream_content\">\n        <div class=\"meta\">\n            <p>14.06.2022<\/p>\n        <\/div>\n        <div class=\"title\">\n            <h3 class=\"entry-title\"><a href=\"https:\/\/www.bachipedia.org\/werke\/bwv-245-johannespassion\/\" rel=\"bookmark\">Pasi\u00f3n seg\u00fan San Juan Bachfest Leipzig<\/a><\/h3>        <\/div>\n        <div class=\"entry-summary excerpt\">\n            <p>14 de junio de 2022, 20:00<\/p>\n        <\/div><!-- .entry-summary -->\n    <\/div>\n<\/div><!-- #post-90434 -->\n<div id=\"post-90256\" class=\"post-90256 live_stream type-live_stream status-publish format-standard has-post-thumbnail hentry bach_universe_cat-retransmisiones-pasadas\">\n\n    <header class=\"entry-header\">\n                    <div class=\"featured-image\">\n                <a href=\"https:\/\/www.bachipedia.org\/es\/live_stream\/bachathon-para-ucrania\/\" rel=\"bookmark\" target=\"_blank\"><img loading=\"lazy\" decoding=\"async\" width=\"874\" height=\"874\" src=\"https:\/\/www.bachipedia.org\/wp-content\/uploads\/2022\/05\/Bachathon.jpg\" class=\"post-thumb wp-post-image\" alt=\"BACHathon para Ucrania\" title=\"BACHathon para Ucrania\" srcset=\"https:\/\/www.bachipedia.org\/wp-content\/uploads\/2022\/05\/Bachathon.jpg 874w, https:\/\/www.bachipedia.org\/wp-content\/uploads\/2022\/05\/Bachathon-200x200.jpg 200w, https:\/\/www.bachipedia.org\/wp-content\/uploads\/2022\/05\/Bachathon-150x150.jpg 150w, https:\/\/www.bachipedia.org\/wp-content\/uploads\/2022\/05\/Bachathon-768x768.jpg 768w, https:\/\/www.bachipedia.org\/wp-content\/uploads\/2022\/05\/Bachathon-700x700.jpg 700w, https:\/\/www.bachipedia.org\/wp-content\/uploads\/2022\/05\/Bachathon-300x300.jpg 300w, https:\/\/www.bachipedia.org\/wp-content\/uploads\/2022\/05\/Bachathon-600x600.jpg 600w, https:\/\/www.bachipedia.org\/wp-content\/uploads\/2022\/05\/Bachathon-100x100.jpg 100w\" sizes=\"auto, (max-width: 874px) 100vw, 874px\" \/><\/a>\n            <\/div>\n            <\/header><!-- .entry-header -->\n    <div class=\"livestream_content\">\n        <div class=\"meta\">\n            <p>05.06.2022<\/p>\n        <\/div>\n        <div class=\"title\">\n            <h3 class=\"entry-title\"><a href=\"https:\/\/www.bachipedia.org\/es\/live_stream\/bachathon-para-ucrania\/\" rel=\"bookmark\">BACHathon para Ucrania<\/a><\/h3>        <\/div>\n        <div class=\"entry-summary excerpt\">\n            <p>un marat\u00f3n de 12 horas con m\u00fasica de Bach<\/p>\n        <\/div><!-- .entry-summary -->\n    <\/div>\n<\/div><!-- #post-90256 -->\n<div id=\"post-89376\" class=\"post-89376 live_stream type-live_stream status-publish format-standard has-post-thumbnail hentry bach_universe_cat-retransmisiones-pasadas\">\n\n    <header class=\"entry-header\">\n                    <div class=\"featured-image\">\n                <a href=\"https:\/\/www.bachipedia.org\/es\/live_stream\/retranmision-en-directo-concierto-especial\/\" rel=\"bookmark\" target=\"_blank\"><img loading=\"lazy\" decoding=\"async\" width=\"874\" height=\"874\" src=\"https:\/\/www.bachipedia.org\/wp-content\/uploads\/2021\/11\/00_abendprogramme_2021_15-Jahre_web.jpg\" class=\"post-thumb wp-post-image\" alt=\"Retranmisi\u00f3n en directo: Concierto especial\" title=\"Retranmisi\u00f3n en directo: Concierto especial\" srcset=\"https:\/\/www.bachipedia.org\/wp-content\/uploads\/2021\/11\/00_abendprogramme_2021_15-Jahre_web.jpg 874w, https:\/\/www.bachipedia.org\/wp-content\/uploads\/2021\/11\/00_abendprogramme_2021_15-Jahre_web-300x300.jpg 300w, https:\/\/www.bachipedia.org\/wp-content\/uploads\/2021\/11\/00_abendprogramme_2021_15-Jahre_web-100x100.jpg 100w, https:\/\/www.bachipedia.org\/wp-content\/uploads\/2021\/11\/00_abendprogramme_2021_15-Jahre_web-600x600.jpg 600w, https:\/\/www.bachipedia.org\/wp-content\/uploads\/2021\/11\/00_abendprogramme_2021_15-Jahre_web-200x200.jpg 200w, https:\/\/www.bachipedia.org\/wp-content\/uploads\/2021\/11\/00_abendprogramme_2021_15-Jahre_web-150x150.jpg 150w, https:\/\/www.bachipedia.org\/wp-content\/uploads\/2021\/11\/00_abendprogramme_2021_15-Jahre_web-768x768.jpg 768w, https:\/\/www.bachipedia.org\/wp-content\/uploads\/2021\/11\/00_abendprogramme_2021_15-Jahre_web-700x700.jpg 700w\" sizes=\"auto, (max-width: 874px) 100vw, 874px\" \/><\/a>\n            <\/div>\n            <\/header><!-- .entry-header -->\n    <div class=\"livestream_content\">\n        <div class=\"meta\">\n            <p>09.11.2021<\/p>\n        <\/div>\n        <div class=\"title\">\n            <h3 class=\"entry-title\"><a href=\"https:\/\/www.bachipedia.org\/es\/live_stream\/retranmision-en-directo-concierto-especial\/\" rel=\"bookmark\">Retranmisi\u00f3n en directo: Concierto especial<\/a><\/h3>        <\/div>\n        <div class=\"entry-summary excerpt\">\n            <p>desde la iglesia protestante de Stein AR, Suiza<\/p>\n        <\/div><!-- .entry-summary -->\n    <\/div>\n<\/div><!-- #post-89376 -->\n<div id=\"post-88073\" class=\"post-88073 live_stream type-live_stream status-publish format-standard has-post-thumbnail hentry bach_universe_cat-retransmisiones-pasadas\">\n\n    <header class=\"entry-header\">\n                    <div class=\"featured-image\">\n                <a href=\"https:\/\/www.bachipedia.org\/es\/live_stream\/musica-de-navidad\/\" rel=\"bookmark\" target=\"_blank\"><img loading=\"lazy\" decoding=\"async\" width=\"874\" height=\"874\" src=\"https:\/\/www.bachipedia.org\/wp-content\/uploads\/2020\/12\/20201113_Livestreaming-Dezember.jpg\" class=\"post-thumb wp-post-image\" alt=\"Retranmisi\u00f3n en directo: m\u00fasica de Navidad\" title=\"Retranmisi\u00f3n en directo: m\u00fasica de Navidad\" srcset=\"https:\/\/www.bachipedia.org\/wp-content\/uploads\/2020\/12\/20201113_Livestreaming-Dezember.jpg 874w, https:\/\/www.bachipedia.org\/wp-content\/uploads\/2020\/12\/20201113_Livestreaming-Dezember-300x300.jpg 300w, https:\/\/www.bachipedia.org\/wp-content\/uploads\/2020\/12\/20201113_Livestreaming-Dezember-100x100.jpg 100w, https:\/\/www.bachipedia.org\/wp-content\/uploads\/2020\/12\/20201113_Livestreaming-Dezember-600x600.jpg 600w, https:\/\/www.bachipedia.org\/wp-content\/uploads\/2020\/12\/20201113_Livestreaming-Dezember-200x200.jpg 200w, https:\/\/www.bachipedia.org\/wp-content\/uploads\/2020\/12\/20201113_Livestreaming-Dezember-150x150.jpg 150w, https:\/\/www.bachipedia.org\/wp-content\/uploads\/2020\/12\/20201113_Livestreaming-Dezember-768x768.jpg 768w, https:\/\/www.bachipedia.org\/wp-content\/uploads\/2020\/12\/20201113_Livestreaming-Dezember-700x700.jpg 700w\" sizes=\"auto, (max-width: 874px) 100vw, 874px\" \/><\/a>\n            <\/div>\n            <\/header><!-- .entry-header -->\n    <div class=\"livestream_content\">\n        <div class=\"meta\">\n            <p>18.12.2020<\/p>\n        <\/div>\n        <div class=\"title\">\n            <h3 class=\"entry-title\"><a href=\"https:\/\/www.bachipedia.org\/es\/live_stream\/musica-de-navidad\/\" rel=\"bookmark\">Retranmisi\u00f3n en directo: m\u00fasica de Navidad<\/a><\/h3>        <\/div>\n        <div class=\"entry-summary excerpt\">\n            <p>desde la iglesia protestante de Stein AR, Suiza<\/p>\n        <\/div><!-- .entry-summary -->\n    <\/div>\n<\/div><!-- #post-88073 -->\n<div id=\"post-87920\" class=\"post-87920 live_stream type-live_stream status-publish format-standard has-post-thumbnail hentry\">\n\n    <header class=\"entry-header\">\n                    <div class=\"featured-image\">\n                <a href=\"https:\/\/www.bachipedia.org\/es\/obra\/bwv-248-oratorio-de-navidad\/\" rel=\"bookmark\" target=\"_blank\"><img loading=\"lazy\" decoding=\"async\" width=\"874\" height=\"874\" src=\"https:\/\/www.bachipedia.org\/wp-content\/uploads\/2020\/09\/Weihnachtsoratorium_Bachipedia.jpg\" class=\"post-thumb wp-post-image\" alt=\"Presentaci\u00f3n del CD \u00abOratorio de Navidad\u00bb BWV 248\" title=\"Presentaci\u00f3n del CD \u00abOratorio de Navidad\u00bb BWV 248\" srcset=\"https:\/\/www.bachipedia.org\/wp-content\/uploads\/2020\/09\/Weihnachtsoratorium_Bachipedia.jpg 874w, https:\/\/www.bachipedia.org\/wp-content\/uploads\/2020\/09\/Weihnachtsoratorium_Bachipedia-300x300.jpg 300w, https:\/\/www.bachipedia.org\/wp-content\/uploads\/2020\/09\/Weihnachtsoratorium_Bachipedia-100x100.jpg 100w, https:\/\/www.bachipedia.org\/wp-content\/uploads\/2020\/09\/Weihnachtsoratorium_Bachipedia-600x600.jpg 600w, https:\/\/www.bachipedia.org\/wp-content\/uploads\/2020\/09\/Weihnachtsoratorium_Bachipedia-200x200.jpg 200w, https:\/\/www.bachipedia.org\/wp-content\/uploads\/2020\/09\/Weihnachtsoratorium_Bachipedia-150x150.jpg 150w, https:\/\/www.bachipedia.org\/wp-content\/uploads\/2020\/09\/Weihnachtsoratorium_Bachipedia-768x768.jpg 768w, https:\/\/www.bachipedia.org\/wp-content\/uploads\/2020\/09\/Weihnachtsoratorium_Bachipedia-700x700.jpg 700w\" sizes=\"auto, (max-width: 874px) 100vw, 874px\" \/><\/a>\n            <\/div>\n            <\/header><!-- .entry-header -->\n    <div class=\"livestream_content\">\n        <div class=\"meta\">\n            <p>20.11.2020<\/p>\n        <\/div>\n        <div class=\"title\">\n            <h3 class=\"entry-title\"><a href=\"https:\/\/www.bachipedia.org\/es\/obra\/bwv-248-oratorio-de-navidad\/\" rel=\"bookmark\">Presentaci\u00f3n del CD \u00abOratorio de Navidad\u00bb BWV 248<\/a><\/h3>        <\/div>\n        <div class=\"entry-summary excerpt\">\n            <p>Vamos a celebrar la publicaci\u00f3n de esta grabaci\u00f3n.<\/p>\n        <\/div><!-- .entry-summary -->\n    <\/div>\n<\/div><!-- #post-87920 -->\n<div id=\"post-87807\" class=\"post-87807 live_stream type-live_stream status-publish format-standard has-post-thumbnail hentry\">\n\n    <header class=\"entry-header\">\n                    <div class=\"featured-image\">\n                <a href=\"https:\/\/www.bachipedia.org\/es\/live_stream\/johann-sebastian-bach-en-persona-20201023\/\" rel=\"bookmark\" target=\"_blank\"><img loading=\"lazy\" decoding=\"async\" width=\"874\" height=\"874\" src=\"https:\/\/www.bachipedia.org\/wp-content\/uploads\/2020\/10\/Livestreaming-Oktober.jpg\" class=\"post-thumb wp-post-image\" alt=\"Johann Sebastian Bach, en persona\" title=\"Johann Sebastian Bach, en persona\" srcset=\"https:\/\/www.bachipedia.org\/wp-content\/uploads\/2020\/10\/Livestreaming-Oktober.jpg 874w, https:\/\/www.bachipedia.org\/wp-content\/uploads\/2020\/10\/Livestreaming-Oktober-300x300.jpg 300w, https:\/\/www.bachipedia.org\/wp-content\/uploads\/2020\/10\/Livestreaming-Oktober-100x100.jpg 100w, https:\/\/www.bachipedia.org\/wp-content\/uploads\/2020\/10\/Livestreaming-Oktober-600x600.jpg 600w, https:\/\/www.bachipedia.org\/wp-content\/uploads\/2020\/10\/Livestreaming-Oktober-200x200.jpg 200w, https:\/\/www.bachipedia.org\/wp-content\/uploads\/2020\/10\/Livestreaming-Oktober-150x150.jpg 150w, https:\/\/www.bachipedia.org\/wp-content\/uploads\/2020\/10\/Livestreaming-Oktober-768x768.jpg 768w, https:\/\/www.bachipedia.org\/wp-content\/uploads\/2020\/10\/Livestreaming-Oktober-700x700.jpg 700w\" sizes=\"auto, (max-width: 874px) 100vw, 874px\" \/><\/a>\n            <\/div>\n            <\/header><!-- .entry-header -->\n    <div class=\"livestream_content\">\n        <div class=\"meta\">\n            <p>23.10.2020<\/p>\n        <\/div>\n        <div class=\"title\">\n            <h3 class=\"entry-title\"><a href=\"https:\/\/www.bachipedia.org\/es\/live_stream\/johann-sebastian-bach-en-persona-20201023\/\" rel=\"bookmark\">Johann Sebastian Bach, en persona<\/a><\/h3>        <\/div>\n        <div class=\"entry-summary excerpt\">\n            <p>Aspectos de la vida de J.S. Bach<\/p>\n        <\/div><!-- .entry-summary -->\n    <\/div>\n<\/div><!-- #post-87807 -->\n<div id=\"post-87719\" class=\"post-87719 live_stream type-live_stream status-publish format-standard has-post-thumbnail hentry\">\n\n    <header class=\"entry-header\">\n                    <div class=\"featured-image\">\n                <a href=\"https:\/\/www.bachipedia.org\/es\/live_stream\/nuestros-favoritos-20200918\/\" rel=\"bookmark\" target=\"_blank\"><img loading=\"lazy\" decoding=\"async\" width=\"874\" height=\"874\" src=\"https:\/\/www.bachipedia.org\/wp-content\/uploads\/2020\/09\/Livestreaming-our-favourites-web.jpg\" class=\"post-thumb wp-post-image\" alt=\"Nuestros favoritos\" title=\"Nuestros favoritos\" srcset=\"https:\/\/www.bachipedia.org\/wp-content\/uploads\/2020\/09\/Livestreaming-our-favourites-web.jpg 874w, https:\/\/www.bachipedia.org\/wp-content\/uploads\/2020\/09\/Livestreaming-our-favourites-web-300x300.jpg 300w, https:\/\/www.bachipedia.org\/wp-content\/uploads\/2020\/09\/Livestreaming-our-favourites-web-100x100.jpg 100w, https:\/\/www.bachipedia.org\/wp-content\/uploads\/2020\/09\/Livestreaming-our-favourites-web-600x600.jpg 600w, https:\/\/www.bachipedia.org\/wp-content\/uploads\/2020\/09\/Livestreaming-our-favourites-web-200x200.jpg 200w, https:\/\/www.bachipedia.org\/wp-content\/uploads\/2020\/09\/Livestreaming-our-favourites-web-150x150.jpg 150w, https:\/\/www.bachipedia.org\/wp-content\/uploads\/2020\/09\/Livestreaming-our-favourites-web-768x768.jpg 768w, https:\/\/www.bachipedia.org\/wp-content\/uploads\/2020\/09\/Livestreaming-our-favourites-web-700x700.jpg 700w\" sizes=\"auto, (max-width: 874px) 100vw, 874px\" \/><\/a>\n            <\/div>\n            <\/header><!-- .entry-header -->\n    <div class=\"livestream_content\">\n        <div class=\"meta\">\n            <p>18.09.2020<\/p>\n        <\/div>\n        <div class=\"title\">\n            <h3 class=\"entry-title\"><a href=\"https:\/\/www.bachipedia.org\/es\/live_stream\/nuestros-favoritos-20200918\/\" rel=\"bookmark\">Nuestros favoritos<\/a><\/h3>        <\/div>\n        <div class=\"entry-summary excerpt\">\n            <p>14 a\u00f1os de Fundaci\u00f3n J.S. Bach. Nuestras obras vocales favoritas<\/p>\n        <\/div><!-- .entry-summary -->\n    <\/div>\n<\/div><!-- #post-87719 -->\n<div id=\"post-87382\" class=\"post-87382 live_stream type-live_stream status-publish format-standard has-post-thumbnail hentry\">\n\n    <header class=\"entry-header\">\n                    <div class=\"featured-image\">\n                <a href=\"https:\/\/www.bachipedia.org\/es\/live_stream\/gottesdienst-20200823\/\" rel=\"bookmark\" target=\"_blank\"><img loading=\"lazy\" decoding=\"async\" width=\"874\" height=\"874\" src=\"https:\/\/www.bachipedia.org\/wp-content\/uploads\/2020\/08\/Livestreaming-Gottesdienst.jpg\" class=\"post-thumb wp-post-image\" alt=\"Misa con m\u00fasica de J.S. Bach\" title=\"Misa con m\u00fasica de J.S. Bach\" srcset=\"https:\/\/www.bachipedia.org\/wp-content\/uploads\/2020\/08\/Livestreaming-Gottesdienst.jpg 874w, https:\/\/www.bachipedia.org\/wp-content\/uploads\/2020\/08\/Livestreaming-Gottesdienst-300x300.jpg 300w, https:\/\/www.bachipedia.org\/wp-content\/uploads\/2020\/08\/Livestreaming-Gottesdienst-100x100.jpg 100w, https:\/\/www.bachipedia.org\/wp-content\/uploads\/2020\/08\/Livestreaming-Gottesdienst-600x600.jpg 600w, https:\/\/www.bachipedia.org\/wp-content\/uploads\/2020\/08\/Livestreaming-Gottesdienst-200x200.jpg 200w, https:\/\/www.bachipedia.org\/wp-content\/uploads\/2020\/08\/Livestreaming-Gottesdienst-150x150.jpg 150w, https:\/\/www.bachipedia.org\/wp-content\/uploads\/2020\/08\/Livestreaming-Gottesdienst-768x768.jpg 768w, https:\/\/www.bachipedia.org\/wp-content\/uploads\/2020\/08\/Livestreaming-Gottesdienst-700x700.jpg 700w\" sizes=\"auto, (max-width: 874px) 100vw, 874px\" \/><\/a>\n            <\/div>\n            <\/header><!-- .entry-header -->\n    <div class=\"livestream_content\">\n        <div class=\"meta\">\n            <p>23.08.2020<\/p>\n        <\/div>\n        <div class=\"title\">\n            <h3 class=\"entry-title\"><a href=\"https:\/\/www.bachipedia.org\/es\/live_stream\/gottesdienst-20200823\/\" rel=\"bookmark\">Misa con m\u00fasica de J.S. Bach<\/a><\/h3>        <\/div>\n        <div class=\"entry-summary excerpt\">\n            <p>El perd\u00f3n en lugar de la condena o: Pedro y la cultura de la indignaci\u00f3n de nuestro tiempo<\/p>\n        <\/div><!-- .entry-summary -->\n    <\/div>\n<\/div><!-- #post-87382 -->\n<div id=\"post-87341\" class=\"post-87341 live_stream type-live_stream status-publish format-standard has-post-thumbnail hentry\">\n\n    <header class=\"entry-header\">\n                    <div class=\"featured-image\">\n                <a href=\"https:\/\/www.bachipedia.org\/es\/live_stream\/chaconne-20200821\/\" rel=\"bookmark\" target=\"_blank\"><img loading=\"lazy\" decoding=\"async\" width=\"874\" height=\"874\" src=\"https:\/\/www.bachipedia.org\/wp-content\/uploads\/2020\/08\/Livestreaming-Chaconne.jpg\" class=\"post-thumb wp-post-image\" alt=\"La chacona en re menor para viol\u00edn de Johann Sebastian Bach\" title=\"La chacona en re menor para viol\u00edn de Johann Sebastian Bach\" srcset=\"https:\/\/www.bachipedia.org\/wp-content\/uploads\/2020\/08\/Livestreaming-Chaconne.jpg 874w, https:\/\/www.bachipedia.org\/wp-content\/uploads\/2020\/08\/Livestreaming-Chaconne-300x300.jpg 300w, https:\/\/www.bachipedia.org\/wp-content\/uploads\/2020\/08\/Livestreaming-Chaconne-100x100.jpg 100w, https:\/\/www.bachipedia.org\/wp-content\/uploads\/2020\/08\/Livestreaming-Chaconne-600x600.jpg 600w, https:\/\/www.bachipedia.org\/wp-content\/uploads\/2020\/08\/Livestreaming-Chaconne-200x200.jpg 200w, https:\/\/www.bachipedia.org\/wp-content\/uploads\/2020\/08\/Livestreaming-Chaconne-150x150.jpg 150w, https:\/\/www.bachipedia.org\/wp-content\/uploads\/2020\/08\/Livestreaming-Chaconne-768x768.jpg 768w, https:\/\/www.bachipedia.org\/wp-content\/uploads\/2020\/08\/Livestreaming-Chaconne-700x700.jpg 700w\" sizes=\"auto, (max-width: 874px) 100vw, 874px\" \/><\/a>\n            <\/div>\n            <\/header><!-- .entry-header -->\n    <div class=\"livestream_content\">\n        <div class=\"meta\">\n            <p>21.08.2020<\/p>\n        <\/div>\n        <div class=\"title\">\n            <h3 class=\"entry-title\"><a href=\"https:\/\/www.bachipedia.org\/es\/live_stream\/chaconne-20200821\/\" rel=\"bookmark\">La chacona en re menor para viol\u00edn de Johann Sebastian Bach<\/a><\/h3>        <\/div>\n        <div class=\"entry-summary excerpt\">\n            <p>Patrimonio cultural de la humanidad en la m\u00fasica cl\u00e1sica. Comentarios y arreglos.<\/p>\n        <\/div><!-- .entry-summary -->\n    <\/div>\n<\/div><!-- #post-87341 -->\n<\/div><\/div><\/div><\/div><\/div><\/div>","protected":false},"excerpt":{"rendered":"<p>Nota importante Bas\u00e1ndonos en el an\u00e1lisis de par\u00e1metros importantes como las regulaciones y restricciones planeadas, las posibilidades de viajar de nuestros artistas internacionales, la predisposici\u00f3n de nuestro p\u00fablico de venir a los conciertos, as\u00ed como las condiciones log\u00edsticas, llegamos a la amarga pero clara decisi\u00f3n de dejar en suspenso todas las producciones del a\u00f1o 2020.<\/p>\n","protected":false},"author":3,"featured_media":0,"parent":0,"menu_order":1,"comment_status":"closed","ping_status":"closed","template":"","meta":{"footnotes":""},"class_list":["post-90184","page","type-page","status-publish","hentry"],"acf":[],"rankMath":{"parentDomain":"www.bachipedia.org","noFollowDomains":[],"noFollowExcludeDomains":[],"noFollowExternalLinks":false,"featuredImageNotice":"La imagen destacada debe tener al menos 200 por 200 p\u00edxeles para que Facebook y otros sitios de redes sociales puedan escogerla.","pluginReviewed":false,"postSettings":{"linkSuggestions":true,"useFocusKeyword":false},"frontEndScore":false,"postName":"chaconne-20200821","permalinkFormat":"https:\/\/www.bachipedia.org\/es\/live_stream\/%live_stream%\/","showLockModifiedDate":true,"assessor":{"focusKeywordLink":"https:\/\/www.bachipedia.org\/wp-admin\/edit.php?focus_keyword=%focus_keyword%&post_type=%post_type%","hasTOCPlugin":false,"primaryTaxonomy":false,"serpData":{"title":"","description":"","focusKeywords":"","pillarContent":false,"canonicalUrl":"","breadcrumbTitle":"","advancedRobots":{"max-snippet":"-1","max-video-preview":"-1","max-image-preview":"large"},"facebookTitle":"","facebookDescription":"","facebookImage":"","facebookImageID":"","facebookHasOverlay":false,"facebookImageOverlay":"play","facebookAuthor":"","twitterCardType":"summary_large_image","twitterUseFacebook":true,"twitterTitle":"","twitterDescription":"","twitterImage":"","twitterImageID":"","twitterHasOverlay":false,"twitterImageOverlay":"play","twitterPlayerUrl":"","twitterPlayerSize":"","twitterPlayerStream":"","twitterPlayerStreamCtype":"","twitterAppDescription":"","twitterAppIphoneName":"","twitterAppIphoneID":"","twitterAppIphoneUrl":"","twitterAppIpadName":"","twitterAppIpadID":"","twitterAppIpadUrl":"","twitterAppGoogleplayName":"","twitterAppGoogleplayID":"","twitterAppGoogleplayUrl":"","twitterAppCountry":"","robots":{"index":true},"twitterAuthor":"nombre de usuario","primaryTerm":0,"authorName":"Anneliese Looser","titleTemplate":"%title% %sep% %sitename%","descriptionTemplate":"%excerpt%","showScoreFrontend":true,"lockModifiedDate":false},"powerWords":["incre\u00edble","asombroso","maravilloso","\u00fanico","hermoso","felicidad","brillante","cautivador","carism\u00e1tico","impactante","claro","completamente","confidencial","confianza","significativo","creativo","definitivamente","delicioso","demostrar","apres\u00farate","decidido","digno","din\u00e1mico","impresionante","esencial","inspirador","innovador","intenso","eficaz","m\u00e1gico","magn\u00edfico","hist\u00f3rico","importante","incre\u00edble","indispensable","inolvidable","irresistible","legendario","luminoso","lujo","m\u00e1gico","magn\u00edfico","majestuoso","memorable","maravilloso","milagroso","motivador","necesario","nuevo","oficial","perfecto","apasionado","persuasivo","fenomenal","placer","popular","poder","prestigioso","prodigioso","profundo","pr\u00f3spero","poderoso","calidad","radiante","r\u00e1pido","exitoso","revolucionario","satisfecho","seguridad","sensacional","sereno","suntuoso","espl\u00e9ndido","sublime","sorprendente","talentoso","terror\u00edfico","\u00fanico","valor","vibrante","victorioso","vivo","verdaderamente","celoso","aut\u00e9ntico","aventurero","espectacular","exclusivo","garantizado","extraordinario","fabuloso","fascinante","formidable","genial","grandioso","gratuito","h\u00e1bil","ilimitado","impecable","infalible","infinitamente","influyente","ingenioso","inolvidable","irremplazable","l\u00edder","maestro","notable","novedoso","pionero","poderoso","reconocido","revolucionario","sorprendente","superior","triunfante","ultra","valiente","valioso","vanguardista","vigoroso","visionario","voluntad","vital","triunfo","glorioso","imparable","inigualable","inteligente","invencible","libertad","orgullo","paz","progreso","renovado","sabidur\u00eda","satisfacci\u00f3n","seguro","serenidad","superaci\u00f3n","talento","transcendente","transformador","valent\u00eda","victoria"],"diacritics":{"A":"[\\u0041\\u24B6\\uFF21\\u00C0\\u00C1\\u00C2\\u1EA6\\u1EA4\\u1EAA\\u1EA8\\u00C3\\u0100\\u0102\\u1EB0\\u1EAE\\u1EB4\\u1EB2\\u0226\\u01E0\\u00C4\\u01DE\\u1EA2\\u00C5\\u01FA\\u01CD\\u0200\\u0202\\u1EA0\\u1EAC\\u1EB6\\u1E00\\u0104\\u023A\\u2C6F]","AA":"[\\uA732]","AE":"[\\u00C6\\u01FC\\u01E2]","AO":"[\\uA734]","AU":"[\\uA736]","AV":"[\\uA738\\uA73A]","AY":"[\\uA73C]","B":"[\\u0042\\u24B7\\uFF22\\u1E02\\u1E04\\u1E06\\u0243\\u0182\\u0181]","C":"[\\u0043\\u24B8\\uFF23\\u0106\\u0108\\u010A\\u010C\\u00C7\\u1E08\\u0187\\u023B\\uA73E]","D":"[\\u0044\\u24B9\\uFF24\\u1E0A\\u010E\\u1E0C\\u1E10\\u1E12\\u1E0E\\u0110\\u018B\\u018A\\u0189\\uA779]","DZ":"[\\u01F1\\u01C4]","Dz":"[\\u01F2\\u01C5]","E":"[\\u0045\\u24BA\\uFF25\\u00C8\\u00C9\\u00CA\\u1EC0\\u1EBE\\u1EC4\\u1EC2\\u1EBC\\u0112\\u1E14\\u1E16\\u0114\\u0116\\u00CB\\u1EBA\\u011A\\u0204\\u0206\\u1EB8\\u1EC6\\u0228\\u1E1C\\u0118\\u1E18\\u1E1A\\u0190\\u018E]","F":"[\\u0046\\u24BB\\uFF26\\u1E1E\\u0191\\uA77B]","G":"[\\u0047\\u24BC\\uFF27\\u01F4\\u011C\\u1E20\\u011E\\u0120\\u01E6\\u0122\\u01E4\\u0193\\uA7A0\\uA77D\\uA77E]","H":"[\\u0048\\u24BD\\uFF28\\u0124\\u1E22\\u1E26\\u021E\\u1E24\\u1E28\\u1E2A\\u0126\\u2C67\\u2C75\\uA78D]","I":"[\\u0049\\u24BE\\uFF29\\u00CC\\u00CD\\u00CE\\u0128\\u012A\\u012C\\u0130\\u00CF\\u1E2E\\u1EC8\\u01CF\\u0208\\u020A\\u1ECA\\u012E\\u1E2C\\u0197]","J":"[\\u004A\\u24BF\\uFF2A\\u0134\\u0248]","K":"[\\u004B\\u24C0\\uFF2B\\u1E30\\u01E8\\u1E32\\u0136\\u1E34\\u0198\\u2C69\\uA740\\uA742\\uA744\\uA7A2]","L":"[\\u004C\\u24C1\\uFF2C\\u013F\\u0139\\u013D\\u1E36\\u1E38\\u013B\\u1E3C\\u1E3A\\u0141\\u023D\\u2C62\\u2C60\\uA748\\uA746\\uA780]","LJ":"[\\u01C7]","Lj":"[\\u01C8]","M":"[\\u004D\\u24C2\\uFF2D\\u1E3E\\u1E40\\u1E42\\u2C6E\\u019C]","N":"[\\u004E\\u24C3\\uFF2E\\u01F8\\u0143\\u00D1\\u1E44\\u0147\\u1E46\\u0145\\u1E4A\\u1E48\\u0220\\u019D\\uA790\\uA7A4]","NJ":"[\\u01CA]","Nj":"[\\u01CB]","O":"[\\u004F\\u24C4\\uFF2F\\u00D2\\u00D3\\u00D4\\u1ED2\\u1ED0\\u1ED6\\u1ED4\\u00D5\\u1E4C\\u022C\\u1E4E\\u014C\\u1E50\\u1E52\\u014E\\u022E\\u0230\\u00D6\\u022A\\u1ECE\\u0150\\u01D1\\u020C\\u020E\\u01A0\\u1EDC\\u1EDA\\u1EE0\\u1EDE\\u1EE2\\u1ECC\\u1ED8\\u01EA\\u01EC\\u00D8\\u01FE\\u0186\\u019F\\uA74A\\uA74C]","OI":"[\\u01A2]","OO":"[\\uA74E]","OU":"[\\u0222]","P":"[\\u0050\\u24C5\\uFF30\\u1E54\\u1E56\\u01A4\\u2C63\\uA750\\uA752\\uA754]","Q":"[\\u0051\\u24C6\\uFF31\\uA756\\uA758\\u024A]","R":"[\\u0052\\u24C7\\uFF32\\u0154\\u1E58\\u0158\\u0210\\u0212\\u1E5A\\u1E5C\\u0156\\u1E5E\\u024C\\u2C64\\uA75A\\uA7A6\\uA782]","S":"[\\u0053\\u24C8\\uFF33\\u1E9E\\u015A\\u1E64\\u015C\\u1E60\\u0160\\u1E66\\u1E62\\u1E68\\u0218\\u015E\\u2C7E\\uA7A8\\uA784]","T":"[\\u0054\\u24C9\\uFF34\\u1E6A\\u0164\\u1E6C\\u021A\\u0162\\u1E70\\u1E6E\\u0166\\u01AC\\u01AE\\u023E\\uA786]","TZ":"[\\uA728]","U":"[\\u0055\\u24CA\\uFF35\\u00D9\\u00DA\\u00DB\\u0168\\u1E78\\u016A\\u1E7A\\u016C\\u00DC\\u01DB\\u01D7\\u01D5\\u01D9\\u1EE6\\u016E\\u0170\\u01D3\\u0214\\u0216\\u01AF\\u1EEA\\u1EE8\\u1EEE\\u1EEC\\u1EF0\\u1EE4\\u1E72\\u0172\\u1E76\\u1E74\\u0244]","V":"[\\u0056\\u24CB\\uFF36\\u1E7C\\u1E7E\\u01B2\\uA75E\\u0245]","VY":"[\\uA760]","W":"[\\u0057\\u24CC\\uFF37\\u1E80\\u1E82\\u0174\\u1E86\\u1E84\\u1E88\\u2C72]","X":"[\\u0058\\u24CD\\uFF38\\u1E8A\\u1E8C]","Y":"[\\u0059\\u24CE\\uFF39\\u1EF2\\u00DD\\u0176\\u1EF8\\u0232\\u1E8E\\u0178\\u1EF6\\u1EF4\\u01B3\\u024E\\u1EFE]","Z":"[\\u005A\\u24CF\\uFF3A\\u0179\\u1E90\\u017B\\u017D\\u1E92\\u1E94\\u01B5\\u0224\\u2C7F\\u2C6B\\uA762]","a":"[\\u0061\\u24D0\\uFF41\\u1E9A\\u00E0\\u00E1\\u00E2\\u1EA7\\u1EA5\\u1EAB\\u1EA9\\u00E3\\u0101\\u0103\\u1EB1\\u1EAF\\u1EB5\\u1EB3\\u0227\\u01E1\\u00E4\\u01DF\\u1EA3\\u00E5\\u01FB\\u01CE\\u0201\\u0203\\u1EA1\\u1EAD\\u1EB7\\u1E01\\u0105\\u2C65\\u0250]","aa":"[\\uA733]","ae":"[\\u00E6\\u01FD\\u01E3]","ao":"[\\uA735]","au":"[\\uA737]","av":"[\\uA739\\uA73B]","ay":"[\\uA73D]","b":"[\\u0062\\u24D1\\uFF42\\u1E03\\u1E05\\u1E07\\u0180\\u0183\\u0253]","c":"[\\u0063\\u24D2\\uFF43\\u0107\\u0109\\u010B\\u010D\\u00E7\\u1E09\\u0188\\u023C\\uA73F\\u2184]","d":"[\\u0064\\u24D3\\uFF44\\u1E0B\\u010F\\u1E0D\\u1E11\\u1E13\\u1E0F\\u0111\\u018C\\u0256\\u0257\\uA77A]","dz":"[\\u01F3\\u01C6]","e":"[\\u0065\\u24D4\\uFF45\\u00E8\\u00E9\\u00EA\\u1EC1\\u1EBF\\u1EC5\\u1EC3\\u1EBD\\u0113\\u1E15\\u1E17\\u0115\\u0117\\u00EB\\u1EBB\\u011B\\u0205\\u0207\\u1EB9\\u1EC7\\u0229\\u1E1D\\u0119\\u1E19\\u1E1B\\u0247\\u025B\\u01DD]","f":"[\\u0066\\u24D5\\uFF46\\u1E1F\\u0192\\uA77C]","g":"[\\u0067\\u24D6\\uFF47\\u01F5\\u011D\\u1E21\\u011F\\u0121\\u01E7\\u0123\\u01E5\\u0260\\uA7A1\\u1D79\\uA77F]","h":"[\\u0068\\u24D7\\uFF48\\u0125\\u1E23\\u1E27\\u021F\\u1E25\\u1E29\\u1E2B\\u1E96\\u0127\\u2C68\\u2C76\\u0265]","hv":"[\\u0195]","i":"[\\u0069\\u24D8\\uFF49\\u00EC\\u00ED\\u00EE\\u0129\\u012B\\u012D\\u00EF\\u1E2F\\u1EC9\\u01D0\\u0209\\u020B\\u1ECB\\u012F\\u1E2D\\u0268\\u0131]","j":"[\\u006A\\u24D9\\uFF4A\\u0135\\u01F0\\u0249]","k":"[\\u006B\\u24DA\\uFF4B\\u1E31\\u01E9\\u1E33\\u0137\\u1E35\\u0199\\u2C6A\\uA741\\uA743\\uA745\\uA7A3]","l":"[\\u006C\\u24DB\\uFF4C\\u0140\\u013A\\u013E\\u1E37\\u1E39\\u013C\\u1E3D\\u1E3B\\u017F\\u0142\\u019A\\u026B\\u2C61\\uA749\\uA781\\uA747]","lj":"[\\u01C9]","m":"[\\u006D\\u24DC\\uFF4D\\u1E3F\\u1E41\\u1E43\\u0271\\u026F]","n":"[\\u006E\\u24DD\\uFF4E\\u01F9\\u0144\\u00F1\\u1E45\\u0148\\u1E47\\u0146\\u1E4B\\u1E49\\u019E\\u0272\\u0149\\uA791\\uA7A5]","nj":"[\\u01CC]","o":"[\\u006F\\u24DE\\uFF4F\\u00F2\\u00F3\\u00F4\\u1ED3\\u1ED1\\u1ED7\\u1ED5\\u00F5\\u1E4D\\u022D\\u1E4F\\u014D\\u1E51\\u1E53\\u014F\\u022F\\u0231\\u00F6\\u022B\\u1ECF\\u0151\\u01D2\\u020D\\u020F\\u01A1\\u1EDD\\u1EDB\\u1EE1\\u1EDF\\u1EE3\\u1ECD\\u1ED9\\u01EB\\u01ED\\u00F8\\u01FF\\u0254\\uA74B\\uA74D\\u0275]","oi":"[\\u01A3]","ou":"[\\u0223]","oo":"[\\uA74F]","p":"[\\u0070\\u24DF\\uFF50\\u1E55\\u1E57\\u01A5\\u1D7D\\uA751\\uA753\\uA755]","q":"[\\u0071\\u24E0\\uFF51\\u024B\\uA757\\uA759]","r":"[\\u0072\\u24E1\\uFF52\\u0155\\u1E59\\u0159\\u0211\\u0213\\u1E5B\\u1E5D\\u0157\\u1E5F\\u024D\\u027D\\uA75B\\uA7A7\\uA783]","s":"[\\u0073\\u24E2\\uFF53\\u015B\\u1E65\\u015D\\u1E61\\u0161\\u1E67\\u1E63\\u1E69\\u0219\\u015F\\u023F\\uA7A9\\uA785\\u1E9B]","ss":"[\\u00DF]","t":"[\\u0074\\u24E3\\uFF54\\u1E6B\\u1E97\\u0165\\u1E6D\\u021B\\u0163\\u1E71\\u1E6F\\u0167\\u01AD\\u0288\\u2C66\\uA787]","tz":"[\\uA729]","u":"[\\u0075\\u24E4\\uFF55\\u00F9\\u00FA\\u00FB\\u0169\\u1E79\\u016B\\u1E7B\\u016D\\u00FC\\u01DC\\u01D8\\u01D6\\u01DA\\u1EE7\\u016F\\u0171\\u01D4\\u0215\\u0217\\u01B0\\u1EEB\\u1EE9\\u1EEF\\u1EED\\u1EF1\\u1EE5\\u1E73\\u0173\\u1E77\\u1E75\\u0289]","v":"[\\u0076\\u24E5\\uFF56\\u1E7D\\u1E7F\\u028B\\uA75F\\u028C]","vy":"[\\uA761]","w":"[\\u0077\\u24E6\\uFF57\\u1E81\\u1E83\\u0175\\u1E87\\u1E85\\u1E98\\u1E89\\u2C73]","x":"[\\u0078\\u24E7\\uFF58\\u1E8B\\u1E8D]","y":"[\\u0079\\u24E8\\uFF59\\u1EF3\\u00FD\\u0177\\u1EF9\\u0233\\u1E8F\\u00FF\\u1EF7\\u1E99\\u1EF5\\u01B4\\u024F\\u1EFF]","z":"[\\u007A\\u24E9\\uFF5A\\u017A\\u1E91\\u017C\\u017E\\u1E93\\u1E95\\u01B6\\u0225\\u0240\\u2C6C\\uA763]"},"researchesTests":["contentHasTOC","contentHasShortParagraphs","contentHasAssets","keywordInTitle","keywordInMetaDescription","keywordInPermalink","keywordIn10Percent","keywordInContent","keywordInSubheadings","keywordInImageAlt","keywordDensity","keywordNotUsed","lengthContent","lengthPermalink","linksHasInternal","linksHasExternals","linksNotAllExternals","titleStartWithKeyword","titleSentiment","titleHasPowerWords","titleHasNumber","hasContentAI"],"hasRedirection":true,"hasBreadcrumb":false},"homeUrl":"https:\/\/www.bachipedia.org\/es\/","objectID":87341,"objectType":"post","locale":"es","localeFull":"es_ES","overlayImages":{"play":{"name":"Icono de reproducci\u00f3n","url":"https:\/\/www.bachipedia.org\/wp-content\/plugins\/seo-by-rank-math\/assets\/admin\/img\/icon-play.png","path":"\/var\/www\/vhosts\/bachipedia.org\/bachipedia\/wp-content\/plugins\/seo-by-rank-math\/assets\/admin\/img\/icon-play.png","position":"middle_center"},"gif":{"name":"Icono GIF","url":"https:\/\/www.bachipedia.org\/wp-content\/plugins\/seo-by-rank-math\/assets\/admin\/img\/icon-gif.png","path":"\/var\/www\/vhosts\/bachipedia.org\/bachipedia\/wp-content\/plugins\/seo-by-rank-math\/assets\/admin\/img\/icon-gif.png","position":"middle_center"}},"defautOgImage":"https:\/\/www.bachipedia.org\/wp-content\/uploads\/2019\/02\/bachipediaSlide_streaming-1.jpg","customPermalinks":true,"isUserRegistered":false,"autoSuggestKeywords":false,"connectSiteUrl":"https:\/\/rankmath.com\/auth?site=https%3A%2F%2Fwww.bachipedia.org%2Fes%2F&r=https%3A%2F%2Fwww.bachipedia.org%2Fes%2Fwp-json%2Fwp%2Fv2%2Fpages%2F90184%3Fnonce%3D155599bc9d&pro=1","maxTags":5,"trendsIcon":"<svg viewBox=\"0 0 610 610\"><path d=\"M18.85,446,174.32,290.48l58.08,58.08L76.93,504a14.54,14.54,0,0,1-20.55,0L18.83,466.48a14.54,14.54,0,0,1,0-20.55Z\" style=\"fill:#4285f4\"\/><path d=\"M242.65,242.66,377.59,377.6l-47.75,47.75a14.54,14.54,0,0,1-20.55,0L174.37,290.43l47.75-47.75A14.52,14.52,0,0,1,242.65,242.66Z\" style=\"fill:#ea4335\"\/><polygon points=\"319.53 319.53 479.26 159.8 537.34 217.88 377.61 377.62 319.53 319.53\" style=\"fill:#fabb05\"\/><path d=\"M594.26,262.73V118.61h0a16.94,16.94,0,0,0-16.94-16.94H433.2a16.94,16.94,0,0,0-12,28.92L565.34,274.71h0a16.94,16.94,0,0,0,28.92-12Z\" style=\"fill:#34a853\"\/><rect width=\"610\" height=\"610\" style=\"fill:none\"\/><\/svg>","showScore":true,"siteFavIcon":"https:\/\/www.bachipedia.org\/wp-content\/uploads\/2018\/10\/cropped-bachipediaWebsiteicon-32x32.png","canUser":{"general":false,"advanced":false,"snippet":false,"social":false,"analysis":false,"analytics":false,"content_ai":false},"showKeywordIntent":true,"isPro":true,"is_front_page":false,"trendsUpgradeLink":"https:\/\/rankmath.com\/pricing\/?utm_source=Plugin&utm_medium=CE%20General%20Tab%20Trends&utm_campaign=WP","trendsUpgradeLabel":"Actualizar","trendsPreviewImage":"https:\/\/www.bachipedia.org\/wp-content\/plugins\/seo-by-rank-math\/assets\/admin\/img\/trends-preview.jpg","currentEditor":false,"homepageData":{"assessor":{"powerWords":["incre\u00edble","asombroso","maravilloso","\u00fanico","hermoso","felicidad","brillante","cautivador","carism\u00e1tico","impactante","claro","completamente","confidencial","confianza","significativo","creativo","definitivamente","delicioso","demostrar","apres\u00farate","decidido","digno","din\u00e1mico","impresionante","esencial","inspirador","innovador","intenso","eficaz","m\u00e1gico","magn\u00edfico","hist\u00f3rico","importante","incre\u00edble","indispensable","inolvidable","irresistible","legendario","luminoso","lujo","m\u00e1gico","magn\u00edfico","majestuoso","memorable","maravilloso","milagroso","motivador","necesario","nuevo","oficial","perfecto","apasionado","persuasivo","fenomenal","placer","popular","poder","prestigioso","prodigioso","profundo","pr\u00f3spero","poderoso","calidad","radiante","r\u00e1pido","exitoso","revolucionario","satisfecho","seguridad","sensacional","sereno","suntuoso","espl\u00e9ndido","sublime","sorprendente","talentoso","terror\u00edfico","\u00fanico","valor","vibrante","victorioso","vivo","verdaderamente","celoso","aut\u00e9ntico","aventurero","espectacular","exclusivo","garantizado","extraordinario","fabuloso","fascinante","formidable","genial","grandioso","gratuito","h\u00e1bil","ilimitado","impecable","infalible","infinitamente","influyente","ingenioso","inolvidable","irremplazable","l\u00edder","maestro","notable","novedoso","pionero","poderoso","reconocido","revolucionario","sorprendente","superior","triunfante","ultra","valiente","valioso","vanguardista","vigoroso","visionario","voluntad","vital","triunfo","glorioso","imparable","inigualable","inteligente","invencible","libertad","orgullo","paz","progreso","renovado","sabidur\u00eda","satisfacci\u00f3n","seguro","serenidad","superaci\u00f3n","talento","transcendente","transformador","valent\u00eda","victoria"],"diacritics":true,"researchesTests":["contentHasTOC","contentHasShortParagraphs","contentHasAssets","keywordInTitle","keywordInMetaDescription","keywordInPermalink","keywordIn10Percent","keywordInContent","keywordInSubheadings","keywordInImageAlt","keywordDensity","keywordNotUsed","lengthContent","lengthPermalink","linksHasInternal","linksHasExternals","linksNotAllExternals","titleStartWithKeyword","titleSentiment","titleHasPowerWords","titleHasNumber","hasContentAI"],"hasBreadcrumb":false,"serpData":{"title":"%sitename% %page% %sep% %sitedesc%","description":"","titleTemplate":"%sitename% %page% %sep% %sitedesc%","descriptionTemplate":"","focusKeywords":"","breadcrumbTitle":"Home","robots":{"index":true},"advancedRobots":[],"facebookTitle":"","facebookDescription":"","facebookImage":"","facebookImageID":""}}},"tocTitle":"Table of Contents","tocExcludeHeadings":[],"listStyle":"ul"},"_links":{"self":[{"href":"https:\/\/www.bachipedia.org\/es\/wp-json\/wp\/v2\/pages\/90184","targetHints":{"allow":["GET"]}}],"collection":[{"href":"https:\/\/www.bachipedia.org\/es\/wp-json\/wp\/v2\/pages"}],"about":[{"href":"https:\/\/www.bachipedia.org\/es\/wp-json\/wp\/v2\/types\/page"}],"author":[{"embeddable":true,"href":"https:\/\/www.bachipedia.org\/es\/wp-json\/wp\/v2\/users\/3"}],"replies":[{"embeddable":true,"href":"https:\/\/www.bachipedia.org\/es\/wp-json\/wp\/v2\/comments?post=90184"}],"version-history":[{"count":0,"href":"https:\/\/www.bachipedia.org\/es\/wp-json\/wp\/v2\/pages\/90184\/revisions"}],"wp:attachment":[{"href":"https:\/\/www.bachipedia.org\/es\/wp-json\/wp\/v2\/media?parent=90184"}],"curies":[{"name":"wp","href":"https:\/\/api.w.org\/{rel}","templated":true}]}}